{"id":17981,"date":"2021-03-04T18:18:19","date_gmt":"2021-03-04T17:18:19","guid":{"rendered":"https:\/\/four-ephrem.com\/forni-a-legna\/"},"modified":"2025-10-07T13:28:41","modified_gmt":"2025-10-07T11:28:41","slug":"forni-a-legna","status":"publish","type":"page","link":"https:\/\/four-ephrem.com\/it\/forni-a-legna\/","title":{"rendered":"Forni a legna"},"content":{"rendered":"\n<div class=\"wp-block-columns mt-0 is-layout-flex wp-container-core-columns-is-layout-9d6595d7 wp-block-columns-is-layout-flex\">\n<div class=\"wp-block-column is-layout-flow wp-block-column-is-layout-flow\">\n<figure class=\"wp-block-image size-large is-style-rounded\"><img decoding=\"async\" width=\"1024\" height=\"766\" src=\"https:\/\/four-ephrem.com\/wp-content\/uploads\/2023\/07\/355487861_285895663853284_8734368561989944949_n-1024x766.jpg\" alt=\"Pane cotto in un forno a legna\" class=\"wp-image-9510\" srcset=\"https:\/\/four-ephrem.com\/wp-content\/uploads\/2023\/07\/355487861_285895663853284_8734368561989944949_n-1024x766.jpg 1024w, https:\/\/four-ephrem.com\/wp-content\/uploads\/2023\/07\/355487861_285895663853284_8734368561989944949_n-800x598.jpg 800w, https:\/\/four-ephrem.com\/wp-content\/uploads\/2023\/07\/355487861_285895663853284_8734368561989944949_n-768x575.jpg 768w, https:\/\/four-ephrem.com\/wp-content\/uploads\/2023\/07\/355487861_285895663853284_8734368561989944949_n-1536x1149.jpg 1536w, https:\/\/four-ephrem.com\/wp-content\/uploads\/2023\/07\/355487861_285895663853284_8734368561989944949_n-300x224.jpg 300w, https:\/\/four-ephrem.com\/wp-content\/uploads\/2023\/07\/355487861_285895663853284_8734368561989944949_n-600x449.jpg 600w, https:\/\/four-ephrem.com\/wp-content\/uploads\/2023\/07\/355487861_285895663853284_8734368561989944949_n.jpg 2048w\" sizes=\"(max-width: 1024px) 100vw, 1024px\" \/><\/figure>\n<\/div>\n\n\n\n<div class=\"wp-block-column is-layout-flow wp-block-column-is-layout-flow\">\n<figure class=\"wp-block-image size-full is-style-rounded captionned\"><img decoding=\"async\" width=\"960\" height=\"720\" src=\"https:\/\/four-ephrem.com\/wp-content\/uploads\/2022\/07\/286255288_5039626079406802_2440446748034853147_n.jpg\" alt=\"\" class=\"wp-image-6695\" srcset=\"https:\/\/four-ephrem.com\/wp-content\/uploads\/2022\/07\/286255288_5039626079406802_2440446748034853147_n.jpg 960w, https:\/\/four-ephrem.com\/wp-content\/uploads\/2022\/07\/286255288_5039626079406802_2440446748034853147_n-800x600.jpg 800w, https:\/\/four-ephrem.com\/wp-content\/uploads\/2022\/07\/286255288_5039626079406802_2440446748034853147_n-768x576.jpg 768w, https:\/\/four-ephrem.com\/wp-content\/uploads\/2022\/07\/286255288_5039626079406802_2440446748034853147_n-300x225.jpg 300w, https:\/\/four-ephrem.com\/wp-content\/uploads\/2022\/07\/286255288_5039626079406802_2440446748034853147_n-600x450.jpg 600w\" sizes=\"(max-width: 960px) 100vw, 960px\" \/><figcaption class=\"wp-element-caption\"><h1>Il punto di riferimento per i forni a legna per fornai<\/h1><\/figcaption><\/figure>\n<\/div>\n<\/div>\n\n<div style=\"height:18px\" aria-hidden=\"true\" class=\"wp-block-spacer\"><\/div>\n\n<div class=\"wp-block-media-text alignfull is-stacked-on-mobile is-vertically-aligned-center is-image-fill-element gradient-img gradient-grey py-5\" style=\"grid-template-columns:33% auto\"><figure class=\"wp-block-media-text__media\"><img decoding=\"async\" width=\"768\" height=\"1024\" src=\"https:\/\/four-ephrem.com\/wp-content\/uploads\/2022\/12\/301782638_1685405791838433_5286185119088425141_n-768x1024.jpg\" alt=\"Forno a legna\" class=\"wp-image-7219 size-full\" style=\"object-position:50% 50%\" srcset=\"https:\/\/four-ephrem.com\/wp-content\/uploads\/2022\/12\/301782638_1685405791838433_5286185119088425141_n-768x1024.jpg 768w, https:\/\/four-ephrem.com\/wp-content\/uploads\/2022\/12\/301782638_1685405791838433_5286185119088425141_n-450x600.jpg 450w, https:\/\/four-ephrem.com\/wp-content\/uploads\/2022\/12\/301782638_1685405791838433_5286185119088425141_n-1152x1536.jpg 1152w, https:\/\/four-ephrem.com\/wp-content\/uploads\/2022\/12\/301782638_1685405791838433_5286185119088425141_n-225x300.jpg 225w, https:\/\/four-ephrem.com\/wp-content\/uploads\/2022\/12\/301782638_1685405791838433_5286185119088425141_n-300x400.jpg 300w, https:\/\/four-ephrem.com\/wp-content\/uploads\/2022\/12\/301782638_1685405791838433_5286185119088425141_n-600x800.jpg 600w, https:\/\/four-ephrem.com\/wp-content\/uploads\/2022\/12\/301782638_1685405791838433_5286185119088425141_n.jpg 1536w\" sizes=\"(max-width: 768px) 100vw, 768px\" \/><\/figure><div class=\"wp-block-media-text__content\">\n<h2 class=\"wp-block-heading left-15\">Il miglior forno a legna \u00e8 quello francese  <\/h2>\n\n\n\n<div>Siamo artigiani francesi e i nostri forni sono :\n<ul>\n<li>Veri e propri <strong>forni di massa<\/strong> in materiale refrattario con un focolare eccezionalmente spesso (35 cm);<\/li>\n<li>Interamente progettato e prodotto nelle <strong>Alpi dell&#8217;Alta Provenza<\/strong> nei nostri laboratori;<\/li>\n<li>Se <strong>riscaldati direttamente<\/strong>, possono essere chiamati pane a legna;<\/li>\n<li>Dotato di un elemento di riscaldamento unico che <strong>\u00e8 pi\u00f9 efficiente di una caldaia tradizionale<\/strong>;<\/li>\n<li><strong>Altamente efficiente dal punto di vista energetico<\/strong> grazie all&#8217;effetto massa ottimale;<\/li>\n<li><strong>Sostenibile:<\/strong> i nostri primi forni, installati 25 anni fa, sono ancora in funzione;<\/li>\n<li>Installato dai nostri team in <strong>3-5 giorni<\/strong>;<\/li>\n<li><strong>Rimovibile<\/strong>, se il tuo progetto si evolve o se hai intenzione di spostarti;<\/li>\n<li><strong>Confortevole:<\/strong> grazie al focolare rotante e a un vero e proprio contenitore automatico di vapore incorporato.<\/li>\n<\/ul><\/div>\n\n\n\n<div style=\"height:25px\" aria-hidden=\"true\" class=\"wp-block-spacer\"><\/div>\n\n\n\n<div class=\"wp-block-buttons is-content-justification-center is-layout-flex wp-container-core-buttons-is-layout-16018d1d wp-block-buttons-is-layout-flex\">\n<div class=\"wp-block-button uppercase is-style-outline is-style-outline--1\"><a class=\"wp-block-button__link wp-element-button\" href=\"https:\/\/four-ephrem.com\/fours-boulangers\/expertise-ephrem\/\" style=\"border-radius:5px\"><strong>Per saperne di pi\u00f9<\/strong><\/a><\/div>\n<\/div>\n<\/div><\/div>\n\n<div style=\"height:18px\" aria-hidden=\"true\" class=\"wp-block-spacer\"><\/div>\n\n<div class=\"wp-block-group alignfull py-5 px has-text-color has-background\" style=\"color:#ebebe1;background-color:#7d4632\"><div class=\"wp-block-group__inner-container is-layout-flow wp-block-group-is-layout-flow\">\n<div class=\"wp-block-columns is-layout-flex wp-container-core-columns-is-layout-9d6595d7 wp-block-columns-is-layout-flex\">\n<div class=\"wp-block-column is-layout-flow wp-block-column-is-layout-flow\" style=\"flex-basis:80%\">\n<h2 class=\"wp-block-heading mb-0\">I nostri forni a legna :<\/h2>\n<\/div>\n\n\n\n<div class=\"wp-block-column is-vertically-aligned-top is-layout-flow wp-block-column-is-layout-flow\" style=\"flex-basis:20%\">\n<div class=\"wp-block-buttons is-horizontal is-content-justification-center is-layout-flex wp-container-core-buttons-is-layout-499968f5 wp-block-buttons-is-layout-flex\">\n<div class=\"wp-block-button is-style-outline btn-large is-style-outline--2\"><a class=\"wp-block-button__link has-text-color wp-element-button\" href=\"https:\/\/four-ephrem.com\/fours-boulangers\/modeles\/\" style=\"color:#ebebe1\"><strong>Tutti i modelli<\/strong><\/a><\/div>\n<\/div>\n<\/div>\n<\/div>\n\n\n\n<p>I nostri forni rotativi a legna sono stati progettati in collaborazione con i maestri panificatori. Offrono una resa particolarmente elevata e un&#8217;inerzia superiore alla media. Con il loro focolare rotante di eccezionale spessore e la cassa di vapore, combinano il know-how tradizionale con attrezzature ad alte prestazioni: caratteristiche che li rendono unici. Offriamo anche forni a legna in kit, pi\u00f9 adatti ai microforni.   <\/p>\n\n\n\r\n\t\t\r\n\t\t\t\t\t\t\t\t\t\r\n<\/div><\/div>\n\n<div style=\"height:18px\" aria-hidden=\"true\" class=\"wp-block-spacer\"><\/div>\n\n<div class=\"wp-block-media-text alignfull is-stacked-on-mobile is-vertically-aligned-center py-5 mb-0 has-white-background-color has-background\" style=\"grid-template-columns:47% auto\"><figure class=\"wp-block-media-text__media\"><img decoding=\"async\" width=\"1024\" height=\"888\" src=\"https:\/\/four-ephrem.com\/wp-content\/uploads\/2021\/04\/DSC0105-1024x888.jpg\" alt=\"\" class=\"wp-image-2019 size-full\" srcset=\"https:\/\/four-ephrem.com\/wp-content\/uploads\/2021\/04\/DSC0105-1024x888.jpg 1024w, https:\/\/four-ephrem.com\/wp-content\/uploads\/2021\/04\/DSC0105-692x600.jpg 692w, https:\/\/four-ephrem.com\/wp-content\/uploads\/2021\/04\/DSC0105-768x666.jpg 768w, https:\/\/four-ephrem.com\/wp-content\/uploads\/2021\/04\/DSC0105-300x260.jpg 300w, https:\/\/four-ephrem.com\/wp-content\/uploads\/2021\/04\/DSC0105-600x520.jpg 600w, https:\/\/four-ephrem.com\/wp-content\/uploads\/2021\/04\/DSC0105.jpg 1063w\" sizes=\"(max-width: 1024px) 100vw, 1024px\" \/><\/figure><div class=\"wp-block-media-text__content\">\n<h2 class=\"wp-block-heading no-left\">Il forno a legna per la produzione di pane<\/h2>\n\n\n\n<blockquote class=\"wp-block-quote is-style-default is-layout-flow wp-block-quote-is-layout-flow\">\n<p>  &#8220;C&#8217;era un odore di pane che veniva cotto (&#8230;) Era sabato mattina. Stavamo per scaricare la prima grande partita nel villaggio (&#8230;) Una sorta di desiderio logico, pi\u00f9 forte della fame ordinaria, ci fece venire fame. Pensavamo tutti al profumo del raccolto. Abbiamo visto i campi di grano dritto, poi la falce, poi i covoni. Per la prima volta sentimmo che stavamo facendo la cosa giusta. L&#8217;intero villaggio profumava di pane caldo.<\/p>\n<cite><em>Jean Giono, La vera ricchezza<\/em><\/cite><\/blockquote>\n\n\n\n<p class=\"has-medium-font-size\">Che tu sia un artigiano o un panettiere di campagna, scegliere un forno a legna fa parte di un approccio culinario impegnato e sostenibile. Noi di Ephrem misuriamo anche il tempo e la resa: i nostri forni a legna sono altamente efficienti. <\/p>\n<\/div><\/div>\n\n<div style=\"height:18px\" aria-hidden=\"true\" class=\"wp-block-spacer\"><\/div>\n\n<div class=\"wp-block-cover alignfull\"><span aria-hidden=\"true\" class=\"wp-block-cover__background has-background-dim-0 has-background-dim\"><\/span><img decoding=\"async\" width=\"1600\" height=\"1200\" class=\"wp-block-cover__image-background wp-image-2966\" alt=\"Boulangerie L\u2019Inattendue pain\" src=\"https:\/\/four-ephrem.com\/wp-content\/uploads\/2021\/05\/LInattendue1.jpg\" style=\"object-position:68% 33%\" data-object-fit=\"cover\" data-object-position=\"68% 33%\" srcset=\"https:\/\/four-ephrem.com\/wp-content\/uploads\/2021\/05\/LInattendue1.jpg 1600w, https:\/\/four-ephrem.com\/wp-content\/uploads\/2021\/05\/LInattendue1-800x600.jpg 800w, https:\/\/four-ephrem.com\/wp-content\/uploads\/2021\/05\/LInattendue1-1024x768.jpg 1024w, https:\/\/four-ephrem.com\/wp-content\/uploads\/2021\/05\/LInattendue1-768x576.jpg 768w, https:\/\/four-ephrem.com\/wp-content\/uploads\/2021\/05\/LInattendue1-1536x1152.jpg 1536w, https:\/\/four-ephrem.com\/wp-content\/uploads\/2021\/05\/LInattendue1-300x225.jpg 300w, https:\/\/four-ephrem.com\/wp-content\/uploads\/2021\/05\/LInattendue1-600x450.jpg 600w\" sizes=\"(max-width: 1600px) 100vw, 1600px\" \/><div class=\"wp-block-cover__inner-container is-layout-flow wp-block-cover-is-layout-flow\">\n<blockquote class=\"wp-block-quote has-text-align-right is-layout-flow wp-block-quote-is-layout-flow\">\n<p><em>Lavoro con un forno Le Boulanger da 4m\u00b2 da quasi 10 anni e ne apprezzo particolarmente la robustezza e il design. Questi forni sono pratici e davvero adatti a un uso professionale e costante della panetteria. Al di l\u00e0 del forno, la qualit\u00e0 della cottura in s\u00e9 \u00e8 eccezionale: la panificazione viene trascesa e il lavoro svolto a monte viene esaltato.  <\/em><\/p>\n<cite>Julien Guyot de Saint Michel, Fournil de Vennecy<\/cite><\/blockquote>\n<\/div><\/div>\n\n<div style=\"height:91px\" aria-hidden=\"true\" class=\"wp-block-spacer\"><\/div>\n\n<div class=\"wp-block-media-text is-stacked-on-mobile is-vertically-aligned-top is-image-fill-element radius-20\" style=\"grid-template-columns:68% auto\"><figure class=\"wp-block-media-text__media\"><img decoding=\"async\" width=\"1024\" height=\"889\" src=\"https:\/\/four-ephrem.com\/wp-content\/uploads\/2021\/06\/Facade-profil-1024x889.jpg\" alt=\"\" class=\"wp-image-4040 size-full\" style=\"object-position:66% 19%\" srcset=\"https:\/\/four-ephrem.com\/wp-content\/uploads\/2021\/06\/Facade-profil-1024x889.jpg 1024w, https:\/\/four-ephrem.com\/wp-content\/uploads\/2021\/06\/Facade-profil-691x600.jpg 691w, https:\/\/four-ephrem.com\/wp-content\/uploads\/2021\/06\/Facade-profil-768x667.jpg 768w, https:\/\/four-ephrem.com\/wp-content\/uploads\/2021\/06\/Facade-profil-300x261.jpg 300w, https:\/\/four-ephrem.com\/wp-content\/uploads\/2021\/06\/Facade-profil-600x521.jpg 600w, https:\/\/four-ephrem.com\/wp-content\/uploads\/2021\/06\/Facade-profil.jpg 1088w\" sizes=\"(max-width: 1024px) 100vw, 1024px\" \/><\/figure><div class=\"wp-block-media-text__content\">\n<h2 class=\"wp-block-heading\">Come vestire il tuo forno a legna<\/h2>\n\n\n\n<p>Le nostre facciate tradizionali sono realizzate con mattoni in terracotta refrattaria provenienti da Terres Cuites d&#8217;Occitanie, nella regione del Tarn in Francia. Li offriamo anche in terracotta nera al manganese. Il nostro ufficio di progettazione sta attualmente lavorando su nuovi supporti e materiali. Siamo sempre pronti ad ascoltare le tue esigenze specifiche.   <\/p>\n<\/div><\/div>\n\n<div style=\"height:18px\" aria-hidden=\"true\" class=\"wp-block-spacer\"><\/div>\n\n<div class=\"wp-block-group\"><div class=\"wp-block-group__inner-container is-layout-flow wp-block-group-is-layout-flow\">\n<h2 class=\"wp-block-heading has-text-align-center mb-0\">Nos r\u00e9alisations<\/h2>\n\n\n\n<div style=\"height:10px\" aria-hidden=\"true\" class=\"wp-block-spacer\"><\/div>\n\n\n\n<div class=\"wp-block-buttons is-horizontal is-content-justification-center is-layout-flex wp-container-core-buttons-is-layout-499968f5 wp-block-buttons-is-layout-flex\">\n<div class=\"wp-block-button is-style-outline facebook is-style-outline--3\"><a class=\"wp-block-button__link wp-element-button\" href=\"https:\/\/www.facebook.com\/fourephrem\" target=\"_blank\" rel=\"noreferrer noopener\">Rejoignez-nous<\/a><\/div>\n\n\n\n<div class=\"wp-block-button is-style-outline instagram is-style-outline--4\"><a class=\"wp-block-button__link wp-element-button\" href=\"https:\/\/www.instagram.com\/ephrem_fusion\/?hl=fr\" target=\"_blank\" rel=\"noreferrer noopener\">Ephrem sur insta<\/a><\/div>\n\n\n\n<div class=\"wp-block-button is-style-outline is-style-outline--5\"><a class=\"wp-block-button__link wp-element-button\" href=\"\/fours-boulangers\/realisations\/\">Ils ont choisi Ephrem<\/a><\/div>\n<\/div>\n\n\n\n<div style=\"height:25px\" aria-hidden=\"true\" class=\"wp-block-spacer\"><\/div>\n\n\n<script>\r\n\tvar ephrem_ref = {\"0\":{\"ref_title\":\"Boulangerie Pain Vivant\",\"ref_description\":\"Du pain bio, \\u00e0 base de farines de vari\\u00e9t\\u00e9s anciennes, cuit au feu de bois dans un Artisan 130 Ephrem, Breteville-sur-Odon (14)\",\"ref_link\":{\"title\":\"D\\u00e9couvrez leur activit\\u00e9\",\"url\":\"https:\\\/\\\/www.facebook.com\\\/diegopainvivant\",\"target\":\"_blank\"},\"ref_image\":{\"ID\":17991,\"id\":17991,\"title\":\"Boulangerie Pain Vivant\",\"filename\":\"Pain-vivant1.jpg\",\"filesize\":146564,\"url\":\"https:\\\/\\\/four-ephrem.com\\\/wp-content\\\/uploads\\\/2021\\\/05\\\/Pain-vivant1.jpg\",\"link\":\"https:\\\/\\\/four-ephrem.com\\\/it\\\/forni-a-legna\\\/pain-vivant1-2\\\/\",\"alt\":\"Boulangerie Pain Vivant\",\"author\":\"1\",\"description\":\"Du pain bio, \\u00e0 base de farines de vari\\u00e9t\\u00e9s anciennes, cuit au feu de bois dans un Artisan Ephrem, Breteville-sur-Odon (14)\",\"caption\":\"\",\"name\":\"pain-vivant1-2\",\"status\":\"inherit\",\"uploaded_to\":17981,\"date\":\"2021-05-07 08:42:24\",\"modified\":\"2021-05-07 08:42:24\",\"menu_order\":0,\"mime_type\":\"image\\\/jpeg\",\"type\":\"image\",\"subtype\":\"jpeg\",\"icon\":\"https:\\\/\\\/four-ephrem.com\\\/wp-includes\\\/images\\\/media\\\/default.png\",\"width\":1079,\"height\":1304,\"sizes\":{\"thumbnail\":\"https:\\\/\\\/four-ephrem.com\\\/wp-content\\\/uploads\\\/2021\\\/05\\\/Pain-vivant1-150x150.jpg\",\"thumbnail-width\":150,\"thumbnail-height\":150,\"medium\":\"https:\\\/\\\/four-ephrem.com\\\/wp-content\\\/uploads\\\/2021\\\/05\\\/Pain-vivant1-496x600.jpg\",\"medium-width\":496,\"medium-height\":600,\"medium_large\":\"https:\\\/\\\/four-ephrem.com\\\/wp-content\\\/uploads\\\/2021\\\/05\\\/Pain-vivant1-768x928.jpg\",\"medium_large-width\":768,\"medium_large-height\":928,\"large\":\"https:\\\/\\\/four-ephrem.com\\\/wp-content\\\/uploads\\\/2021\\\/05\\\/Pain-vivant1-847x1024.jpg\",\"large-width\":847,\"large-height\":1024,\"1536x1536\":\"https:\\\/\\\/four-ephrem.com\\\/wp-content\\\/uploads\\\/2021\\\/05\\\/Pain-vivant1.jpg\",\"1536x1536-width\":1079,\"1536x1536-height\":1304,\"2048x2048\":\"https:\\\/\\\/four-ephrem.com\\\/wp-content\\\/uploads\\\/2021\\\/05\\\/Pain-vivant1.jpg\",\"2048x2048-width\":1079,\"2048x2048-height\":1304,\"woocommerce_thumbnail\":\"https:\\\/\\\/four-ephrem.com\\\/wp-content\\\/uploads\\\/2021\\\/05\\\/Pain-vivant1-300x363.jpg\",\"woocommerce_thumbnail-width\":300,\"woocommerce_thumbnail-height\":363,\"woocommerce_single\":\"https:\\\/\\\/four-ephrem.com\\\/wp-content\\\/uploads\\\/2021\\\/05\\\/Pain-vivant1-600x725.jpg\",\"woocommerce_single-width\":600,\"woocommerce_single-height\":725,\"woocommerce_gallery_thumbnail\":\"https:\\\/\\\/four-ephrem.com\\\/wp-content\\\/uploads\\\/2021\\\/05\\\/Pain-vivant1-100x100.jpg\",\"woocommerce_gallery_thumbnail-width\":100,\"woocommerce_gallery_thumbnail-height\":100,\"yith-woocompare-image\":\"https:\\\/\\\/four-ephrem.com\\\/wp-content\\\/uploads\\\/2021\\\/05\\\/Pain-vivant1-248x300.jpg\",\"yith-woocompare-image-width\":248,\"yith-woocompare-image-height\":300}},\"ref_gallery\":false},\"1\":{\"ref_title\":\"Boulangerie et chambres d'h\\u00f4tes Bayasse\",\"ref_description\":\"Pain au levain \\u00e0 la maison d'h\\u00f4tes Bayasse \\ud83d\\udd25\",\"ref_link\":{\"title\":\"D\\u00e9couvrez leur activit\\u00e9\",\"url\":\"https:\\\/\\\/www.instagram.com\\\/p\\\/COkqeWuBbDy\\\/\",\"target\":\"_blank\"},\"ref_image\":{\"ID\":17983,\"id\":17983,\"title\":\"Boulangerie & Chambre d\\u2019h\\u00f4te Bayasse\",\"filename\":\"Bayasse-6.jpg\",\"filesize\":43686,\"url\":\"https:\\\/\\\/four-ephrem.com\\\/wp-content\\\/uploads\\\/2021\\\/05\\\/Bayasse-6.jpg\",\"link\":\"https:\\\/\\\/four-ephrem.com\\\/it\\\/forni-a-legna\\\/bayasse-6-2\\\/\",\"alt\":\"Boulangerie & Chambre d\\u2019h\\u00f4te Bayasse\",\"author\":\"1\",\"description\":\"En visite dans le Mercantour ? Arr\\u00eatez-vous \\u00e0 la boulangerie de Bayasse pour profiter d\\u2019un bon pain avec vue !\",\"caption\":\"\",\"name\":\"bayasse-6-2\",\"status\":\"inherit\",\"uploaded_to\":17981,\"date\":\"2021-05-07 08:43:08\",\"modified\":\"2021-05-07 08:43:08\",\"menu_order\":0,\"mime_type\":\"image\\\/jpeg\",\"type\":\"image\",\"subtype\":\"jpeg\",\"icon\":\"https:\\\/\\\/four-ephrem.com\\\/wp-includes\\\/images\\\/media\\\/default.png\",\"width\":850,\"height\":567,\"sizes\":{\"thumbnail\":\"https:\\\/\\\/four-ephrem.com\\\/wp-content\\\/uploads\\\/2021\\\/05\\\/Bayasse-6-150x150.jpg\",\"thumbnail-width\":150,\"thumbnail-height\":150,\"medium\":\"https:\\\/\\\/four-ephrem.com\\\/wp-content\\\/uploads\\\/2021\\\/05\\\/Bayasse-6-800x534.jpg\",\"medium-width\":800,\"medium-height\":534,\"medium_large\":\"https:\\\/\\\/four-ephrem.com\\\/wp-content\\\/uploads\\\/2021\\\/05\\\/Bayasse-6-768x512.jpg\",\"medium_large-width\":768,\"medium_large-height\":512,\"large\":\"https:\\\/\\\/four-ephrem.com\\\/wp-content\\\/uploads\\\/2021\\\/05\\\/Bayasse-6.jpg\",\"large-width\":850,\"large-height\":567,\"1536x1536\":\"https:\\\/\\\/four-ephrem.com\\\/wp-content\\\/uploads\\\/2021\\\/05\\\/Bayasse-6.jpg\",\"1536x1536-width\":850,\"1536x1536-height\":567,\"2048x2048\":\"https:\\\/\\\/four-ephrem.com\\\/wp-content\\\/uploads\\\/2021\\\/05\\\/Bayasse-6.jpg\",\"2048x2048-width\":850,\"2048x2048-height\":567,\"woocommerce_thumbnail\":\"https:\\\/\\\/four-ephrem.com\\\/wp-content\\\/uploads\\\/2021\\\/05\\\/Bayasse-6-300x200.jpg\",\"woocommerce_thumbnail-width\":300,\"woocommerce_thumbnail-height\":200,\"woocommerce_single\":\"https:\\\/\\\/four-ephrem.com\\\/wp-content\\\/uploads\\\/2021\\\/05\\\/Bayasse-6-600x400.jpg\",\"woocommerce_single-width\":600,\"woocommerce_single-height\":400,\"woocommerce_gallery_thumbnail\":\"https:\\\/\\\/four-ephrem.com\\\/wp-content\\\/uploads\\\/2021\\\/05\\\/Bayasse-6-100x100.jpg\",\"woocommerce_gallery_thumbnail-width\":100,\"woocommerce_gallery_thumbnail-height\":100,\"yith-woocompare-image\":\"https:\\\/\\\/four-ephrem.com\\\/wp-content\\\/uploads\\\/2021\\\/05\\\/Bayasse-6-300x200.jpg\",\"yith-woocompare-image-width\":300,\"yith-woocompare-image-height\":200}},\"ref_gallery\":false},\"2\":{\"ref_title\":\"Boulangerie du Chapeau Rouge\",\"ref_description\":\"Retrouvez le Boulanger 2m\\u00b2 \\u00e0 Simiane-la-Rotonde (04) dans la boulangerie du Chapeau Rouge\",\"ref_link\":{\"title\":\"D\\u00e9couvrez leur activit\\u00e9\",\"url\":\"https:\\\/\\\/www.instagram.com\\\/p\\\/B6Sqp_Rolyj\\\/\",\"target\":\"_blank\"},\"ref_image\":{\"ID\":17982,\"id\":17982,\"title\":\"Boulangerie Barret Patrick\",\"filename\":\"simiane2.jpg\",\"filesize\":189275,\"url\":\"https:\\\/\\\/four-ephrem.com\\\/wp-content\\\/uploads\\\/2021\\\/05\\\/simiane2.jpg\",\"link\":\"https:\\\/\\\/four-ephrem.com\\\/it\\\/forni-a-legna\\\/simiane2-2\\\/\",\"alt\":\"Boulangerie Barret Patrick\",\"author\":\"1\",\"description\":\"Retrouvez le Boulanger 2m\\u00b2 \\u00e0 Simiane-la-Rotonde (04)\",\"caption\":\"\",\"name\":\"simiane2-2\",\"status\":\"inherit\",\"uploaded_to\":17981,\"date\":\"2021-05-07 08:43:52\",\"modified\":\"2021-05-07 08:43:52\",\"menu_order\":0,\"mime_type\":\"image\\\/jpeg\",\"type\":\"image\",\"subtype\":\"jpeg\",\"icon\":\"https:\\\/\\\/four-ephrem.com\\\/wp-includes\\\/images\\\/media\\\/default.png\",\"width\":1079,\"height\":1070,\"sizes\":{\"thumbnail\":\"https:\\\/\\\/four-ephrem.com\\\/wp-content\\\/uploads\\\/2021\\\/05\\\/simiane2-150x150.jpg\",\"thumbnail-width\":150,\"thumbnail-height\":150,\"medium\":\"https:\\\/\\\/four-ephrem.com\\\/wp-content\\\/uploads\\\/2021\\\/05\\\/simiane2-605x600.jpg\",\"medium-width\":605,\"medium-height\":600,\"medium_large\":\"https:\\\/\\\/four-ephrem.com\\\/wp-content\\\/uploads\\\/2021\\\/05\\\/simiane2-768x762.jpg\",\"medium_large-width\":768,\"medium_large-height\":762,\"large\":\"https:\\\/\\\/four-ephrem.com\\\/wp-content\\\/uploads\\\/2021\\\/05\\\/simiane2-1024x1015.jpg\",\"large-width\":1024,\"large-height\":1015,\"1536x1536\":\"https:\\\/\\\/four-ephrem.com\\\/wp-content\\\/uploads\\\/2021\\\/05\\\/simiane2.jpg\",\"1536x1536-width\":1079,\"1536x1536-height\":1070,\"2048x2048\":\"https:\\\/\\\/four-ephrem.com\\\/wp-content\\\/uploads\\\/2021\\\/05\\\/simiane2.jpg\",\"2048x2048-width\":1079,\"2048x2048-height\":1070,\"woocommerce_thumbnail\":\"https:\\\/\\\/four-ephrem.com\\\/wp-content\\\/uploads\\\/2021\\\/05\\\/simiane2-300x297.jpg\",\"woocommerce_thumbnail-width\":300,\"woocommerce_thumbnail-height\":297,\"woocommerce_single\":\"https:\\\/\\\/four-ephrem.com\\\/wp-content\\\/uploads\\\/2021\\\/05\\\/simiane2-600x595.jpg\",\"woocommerce_single-width\":600,\"woocommerce_single-height\":595,\"woocommerce_gallery_thumbnail\":\"https:\\\/\\\/four-ephrem.com\\\/wp-content\\\/uploads\\\/2021\\\/05\\\/simiane2-100x100.jpg\",\"woocommerce_gallery_thumbnail-width\":100,\"woocommerce_gallery_thumbnail-height\":100,\"yith-woocompare-image\":\"https:\\\/\\\/four-ephrem.com\\\/wp-content\\\/uploads\\\/2021\\\/05\\\/simiane2-300x297.jpg\",\"yith-woocompare-image-width\":300,\"yith-woocompare-image-height\":297}},\"ref_gallery\":false},\"3\":{\"ref_title\":\"Le Boulanger 4m\\u00b2 au Brunet\",\"ref_description\":\"De la semence \\u00e0 la cuisson, de jeunes agriculteurs passionn\\u00e9s, en bio, au levain naturel, et avec un four Boulanger 4m\\u00b2, Brunet (04)\",\"ref_link\":{\"title\":\"En savoir plus sur le four\",\"url\":\"https:\\\/\\\/four-ephrem.com\\\/en\\\/product\\\/le-boulanger-4\\\/\",\"target\":\"_blank\"},\"ref_image\":{\"ID\":17989,\"id\":17989,\"title\":\"Du bl\\u00e9 au pain, le Jas Ricavy fait tout, et tr\\u00e8s bien\",\"filename\":\"Jas-Ricavy1.jpg\",\"filesize\":65293,\"url\":\"https:\\\/\\\/four-ephrem.com\\\/wp-content\\\/uploads\\\/2021\\\/05\\\/Jas-Ricavy1.jpg\",\"link\":\"https:\\\/\\\/four-ephrem.com\\\/it\\\/forni-a-legna\\\/jas-ricavy1-2\\\/\",\"alt\":\"Du bl\\u00e9 au pain, le Jas Ricavy fait tout, et tr\\u00e8s bien\",\"author\":\"1\",\"description\":\"De la semence \\u00e0 la cuisson, de jeunes agriculteurs passionn\\u00e9s, en bio, au levain naturel, d\\u00e9couvrez le Jas Ricavy et son Boulanger 4m\\u00b2, Brunet (04)\",\"caption\":\"\",\"name\":\"jas-ricavy1-2\",\"status\":\"inherit\",\"uploaded_to\":17981,\"date\":\"2021-05-07 08:44:18\",\"modified\":\"2021-05-07 08:44:18\",\"menu_order\":0,\"mime_type\":\"image\\\/jpeg\",\"type\":\"image\",\"subtype\":\"jpeg\",\"icon\":\"https:\\\/\\\/four-ephrem.com\\\/wp-includes\\\/images\\\/media\\\/default.png\",\"width\":640,\"height\":425,\"sizes\":{\"thumbnail\":\"https:\\\/\\\/four-ephrem.com\\\/wp-content\\\/uploads\\\/2021\\\/05\\\/Jas-Ricavy1-150x150.jpg\",\"thumbnail-width\":150,\"thumbnail-height\":150,\"medium\":\"https:\\\/\\\/four-ephrem.com\\\/wp-content\\\/uploads\\\/2021\\\/05\\\/Jas-Ricavy1.jpg\",\"medium-width\":640,\"medium-height\":425,\"medium_large\":\"https:\\\/\\\/four-ephrem.com\\\/wp-content\\\/uploads\\\/2021\\\/05\\\/Jas-Ricavy1.jpg\",\"medium_large-width\":640,\"medium_large-height\":425,\"large\":\"https:\\\/\\\/four-ephrem.com\\\/wp-content\\\/uploads\\\/2021\\\/05\\\/Jas-Ricavy1.jpg\",\"large-width\":640,\"large-height\":425,\"1536x1536\":\"https:\\\/\\\/four-ephrem.com\\\/wp-content\\\/uploads\\\/2021\\\/05\\\/Jas-Ricavy1.jpg\",\"1536x1536-width\":640,\"1536x1536-height\":425,\"2048x2048\":\"https:\\\/\\\/four-ephrem.com\\\/wp-content\\\/uploads\\\/2021\\\/05\\\/Jas-Ricavy1.jpg\",\"2048x2048-width\":640,\"2048x2048-height\":425,\"woocommerce_thumbnail\":\"https:\\\/\\\/four-ephrem.com\\\/wp-content\\\/uploads\\\/2021\\\/05\\\/Jas-Ricavy1-300x199.jpg\",\"woocommerce_thumbnail-width\":300,\"woocommerce_thumbnail-height\":199,\"woocommerce_single\":\"https:\\\/\\\/four-ephrem.com\\\/wp-content\\\/uploads\\\/2021\\\/05\\\/Jas-Ricavy1-600x398.jpg\",\"woocommerce_single-width\":600,\"woocommerce_single-height\":398,\"woocommerce_gallery_thumbnail\":\"https:\\\/\\\/four-ephrem.com\\\/wp-content\\\/uploads\\\/2021\\\/05\\\/Jas-Ricavy1-100x100.jpg\",\"woocommerce_gallery_thumbnail-width\":100,\"woocommerce_gallery_thumbnail-height\":100,\"yith-woocompare-image\":\"https:\\\/\\\/four-ephrem.com\\\/wp-content\\\/uploads\\\/2021\\\/05\\\/Jas-Ricavy1-300x199.jpg\",\"yith-woocompare-image-width\":300,\"yith-woocompare-image-height\":199}},\"ref_gallery\":false},\"4\":{\"ref_title\":\"Boulangerie La Mie Do R\\u00e9\",\"ref_description\":\"La Boulangerie bio La Mi Do R\\u00e9 \\u00e0 Saint Martin Les Eaux en Haute Provence : un pain cuit au feu de bois dans un four \\u00e0 sole rotative Ephrem.\",\"ref_link\":{\"title\":\"D\\u00e9couvrez leur activit\\u00e9\",\"url\":\"https:\\\/\\\/www.instagram.com\\\/p\\\/B_TEZSEI_zL\\\/\",\"target\":\"_blank\"},\"ref_image\":{\"ID\":17992,\"id\":17992,\"title\":\"Boulangerie La Mie Do R\\u00e9\",\"filename\":\"miedore2-scaled.jpg\",\"filesize\":345477,\"url\":\"https:\\\/\\\/four-ephrem.com\\\/wp-content\\\/uploads\\\/2021\\\/05\\\/miedore2-scaled.jpg\",\"link\":\"https:\\\/\\\/four-ephrem.com\\\/it\\\/forni-a-legna\\\/miedore2-2\\\/\",\"alt\":\"Boulangerie La Mie Do R\\u00e9\",\"author\":\"1\",\"description\":\"Travail de pr\\u00e9cision et bio pour ce boulanger parcourant les march\\u00e9s de la r\\u00e9gion, Saint-Martin-les-Eaux (04)\",\"caption\":\"\",\"name\":\"miedore2-2\",\"status\":\"inherit\",\"uploaded_to\":17981,\"date\":\"2021-05-07 08:44:55\",\"modified\":\"2021-05-07 08:44:55\",\"menu_order\":0,\"mime_type\":\"image\\\/jpeg\",\"type\":\"image\",\"subtype\":\"jpeg\",\"icon\":\"https:\\\/\\\/four-ephrem.com\\\/wp-includes\\\/images\\\/media\\\/default.png\",\"width\":2048,\"height\":1024,\"sizes\":{\"thumbnail\":\"https:\\\/\\\/four-ephrem.com\\\/wp-content\\\/uploads\\\/2021\\\/05\\\/miedore2-scaled-150x150.jpg\",\"thumbnail-width\":150,\"thumbnail-height\":150,\"medium\":\"https:\\\/\\\/four-ephrem.com\\\/wp-content\\\/uploads\\\/2021\\\/05\\\/miedore2-scaled-800x400.jpg\",\"medium-width\":800,\"medium-height\":400,\"medium_large\":\"https:\\\/\\\/four-ephrem.com\\\/wp-content\\\/uploads\\\/2021\\\/05\\\/miedore2-scaled-768x384.jpg\",\"medium_large-width\":768,\"medium_large-height\":384,\"large\":\"https:\\\/\\\/four-ephrem.com\\\/wp-content\\\/uploads\\\/2021\\\/05\\\/miedore2-scaled-1024x512.jpg\",\"large-width\":1024,\"large-height\":512,\"1536x1536\":\"https:\\\/\\\/four-ephrem.com\\\/wp-content\\\/uploads\\\/2021\\\/05\\\/miedore2-scaled-1536x768.jpg\",\"1536x1536-width\":1536,\"1536x1536-height\":768,\"2048x2048\":\"https:\\\/\\\/four-ephrem.com\\\/wp-content\\\/uploads\\\/2021\\\/05\\\/miedore2-scaled.jpg\",\"2048x2048-width\":2048,\"2048x2048-height\":1024,\"woocommerce_thumbnail\":\"https:\\\/\\\/four-ephrem.com\\\/wp-content\\\/uploads\\\/2021\\\/05\\\/miedore2-scaled-300x150.jpg\",\"woocommerce_thumbnail-width\":300,\"woocommerce_thumbnail-height\":150,\"woocommerce_single\":\"https:\\\/\\\/four-ephrem.com\\\/wp-content\\\/uploads\\\/2021\\\/05\\\/miedore2-scaled-600x300.jpg\",\"woocommerce_single-width\":600,\"woocommerce_single-height\":300,\"woocommerce_gallery_thumbnail\":\"https:\\\/\\\/four-ephrem.com\\\/wp-content\\\/uploads\\\/2021\\\/05\\\/miedore2-scaled-100x100.jpg\",\"woocommerce_gallery_thumbnail-width\":100,\"woocommerce_gallery_thumbnail-height\":100,\"yith-woocompare-image\":\"https:\\\/\\\/four-ephrem.com\\\/wp-content\\\/uploads\\\/2021\\\/05\\\/miedore2-scaled-300x150.jpg\",\"yith-woocompare-image-width\":300,\"yith-woocompare-image-height\":150}},\"ref_gallery\":false},\"5\":{\"ref_title\":\"Chez Julien au Fournil de Vennecy\",\"ref_description\":\"\\u201cQui s\\u00e8me bon grain, recueille bon pain\\u201d telle est la devise de Julien, artisan-boulanger bio, au Fournil de Vennecy (45)\",\"ref_link\":{\"title\":\"D\\u00e9couvrez leur activit\\u00e9\",\"url\":\"https:\\\/\\\/www.instagram.com\\\/p\\\/B6JYYVGodU2\\\/\",\"target\":\"_blank\"},\"ref_image\":{\"ID\":17993,\"id\":17993,\"title\":\"Le Fournil de Vennecy\",\"filename\":\"Fournil-de-Vennecy.jpg\",\"filesize\":88150,\"url\":\"https:\\\/\\\/four-ephrem.com\\\/wp-content\\\/uploads\\\/2021\\\/05\\\/Fournil-de-Vennecy.jpg\",\"link\":\"https:\\\/\\\/four-ephrem.com\\\/it\\\/forni-a-legna\\\/fournil-de-vennecy-2\\\/\",\"alt\":\"Le Fournil de Vennecy\",\"author\":\"1\",\"description\":\"\\u201cQui s\\u00e8me bon grain, recueille bon pain\\u201d telle est la devise de Julien, artisan-boulanger bio, Vennecy (45)\",\"caption\":\"\",\"name\":\"fournil-de-vennecy-2\",\"status\":\"inherit\",\"uploaded_to\":17981,\"date\":\"2021-05-07 08:45:49\",\"modified\":\"2021-05-07 08:45:49\",\"menu_order\":0,\"mime_type\":\"image\\\/jpeg\",\"type\":\"image\",\"subtype\":\"jpeg\",\"icon\":\"https:\\\/\\\/four-ephrem.com\\\/wp-includes\\\/images\\\/media\\\/default.png\",\"width\":1152,\"height\":1214,\"sizes\":{\"thumbnail\":\"https:\\\/\\\/four-ephrem.com\\\/wp-content\\\/uploads\\\/2021\\\/05\\\/Fournil-de-Vennecy-150x150.jpg\",\"thumbnail-width\":150,\"thumbnail-height\":150,\"medium\":\"https:\\\/\\\/four-ephrem.com\\\/wp-content\\\/uploads\\\/2021\\\/05\\\/Fournil-de-Vennecy-569x600.jpg\",\"medium-width\":569,\"medium-height\":600,\"medium_large\":\"https:\\\/\\\/four-ephrem.com\\\/wp-content\\\/uploads\\\/2021\\\/05\\\/Fournil-de-Vennecy-768x809.jpg\",\"medium_large-width\":768,\"medium_large-height\":809,\"large\":\"https:\\\/\\\/four-ephrem.com\\\/wp-content\\\/uploads\\\/2021\\\/05\\\/Fournil-de-Vennecy-972x1024.jpg\",\"large-width\":972,\"large-height\":1024,\"1536x1536\":\"https:\\\/\\\/four-ephrem.com\\\/wp-content\\\/uploads\\\/2021\\\/05\\\/Fournil-de-Vennecy.jpg\",\"1536x1536-width\":1152,\"1536x1536-height\":1214,\"2048x2048\":\"https:\\\/\\\/four-ephrem.com\\\/wp-content\\\/uploads\\\/2021\\\/05\\\/Fournil-de-Vennecy.jpg\",\"2048x2048-width\":1152,\"2048x2048-height\":1214,\"woocommerce_thumbnail\":\"https:\\\/\\\/four-ephrem.com\\\/wp-content\\\/uploads\\\/2021\\\/05\\\/Fournil-de-Vennecy-300x316.jpg\",\"woocommerce_thumbnail-width\":300,\"woocommerce_thumbnail-height\":316,\"woocommerce_single\":\"https:\\\/\\\/four-ephrem.com\\\/wp-content\\\/uploads\\\/2021\\\/05\\\/Fournil-de-Vennecy-600x632.jpg\",\"woocommerce_single-width\":600,\"woocommerce_single-height\":632,\"woocommerce_gallery_thumbnail\":\"https:\\\/\\\/four-ephrem.com\\\/wp-content\\\/uploads\\\/2021\\\/05\\\/Fournil-de-Vennecy-100x100.jpg\",\"woocommerce_gallery_thumbnail-width\":100,\"woocommerce_gallery_thumbnail-height\":100,\"yith-woocompare-image\":\"https:\\\/\\\/four-ephrem.com\\\/wp-content\\\/uploads\\\/2021\\\/05\\\/Fournil-de-Vennecy-285x300.jpg\",\"yith-woocompare-image-width\":285,\"yith-woocompare-image-height\":300}},\"ref_gallery\":false}};\r\n<\/script>\r\n<section id=\"ephrem-references\" class=\" with-slide wp-block-gallery\">\r\n\t\t\t<ul class=\"references-list\">\r\n\t\t\t\t\t\t<li class=\"blocks-gallery-item\">\r\n\t\t\t\t<figure class=\"item\" data-related=\"0\">\r\n\t\t\t\t\t<img decoding=\"async\" width=\"496\" height=\"600\" src=\"https:\/\/four-ephrem.com\/wp-content\/uploads\/2021\/05\/Pain-vivant1-496x600.jpg\" class=\"attachment-medium size-medium\" alt=\"Boulangerie Pain Vivant\" srcset=\"https:\/\/four-ephrem.com\/wp-content\/uploads\/2021\/05\/Pain-vivant1-496x600.jpg 496w, https:\/\/four-ephrem.com\/wp-content\/uploads\/2021\/05\/Pain-vivant1-847x1024.jpg 847w, https:\/\/four-ephrem.com\/wp-content\/uploads\/2021\/05\/Pain-vivant1-768x928.jpg 768w, https:\/\/four-ephrem.com\/wp-content\/uploads\/2021\/05\/Pain-vivant1-248x300.jpg 248w, https:\/\/four-ephrem.com\/wp-content\/uploads\/2021\/05\/Pain-vivant1-300x363.jpg 300w, https:\/\/four-ephrem.com\/wp-content\/uploads\/2021\/05\/Pain-vivant1-600x725.jpg 600w, https:\/\/four-ephrem.com\/wp-content\/uploads\/2021\/05\/Pain-vivant1.jpg 1079w\" sizes=\"(max-width: 496px) 100vw, 496px\" \/>\t\t\t\t\t<div class=\"ref-details\">\r\n\t\t\t\t\t\t<div class=\"ref-details-container\">\r\n\t\t\t\t\t\t\t<div class=\"h3-like ref-title\">Boulangerie Pain Vivant<\/div>\t\t\t\t\t\t\t<p class=\"ref-content\">Du pain bio, \u00e0 base de farines de vari\u00e9t\u00e9s anciennes, cuit au feu de bois dans un Artisan 130 Ephrem, Breteville-sur-Odon (14)<\/p>\t\t\t\t\t\t<\/div>\r\n\t\t\t\t\t<\/div>\r\n\t\t\t\t<\/figure>\r\n\t\t\t<\/li>\r\n\t\t\t\t\t\t<li class=\"blocks-gallery-item\">\r\n\t\t\t\t<figure class=\"item\" data-related=\"1\">\r\n\t\t\t\t\t<img decoding=\"async\" width=\"800\" height=\"534\" src=\"https:\/\/four-ephrem.com\/wp-content\/uploads\/2021\/05\/Bayasse-6-800x534.jpg\" class=\"attachment-medium size-medium\" alt=\"Boulangerie &amp; Chambre d\u2019h\u00f4te Bayasse\" srcset=\"https:\/\/four-ephrem.com\/wp-content\/uploads\/2021\/05\/Bayasse-6-800x534.jpg 800w, https:\/\/four-ephrem.com\/wp-content\/uploads\/2021\/05\/Bayasse-6-768x512.jpg 768w, https:\/\/four-ephrem.com\/wp-content\/uploads\/2021\/05\/Bayasse-6-300x200.jpg 300w, https:\/\/four-ephrem.com\/wp-content\/uploads\/2021\/05\/Bayasse-6-600x400.jpg 600w, https:\/\/four-ephrem.com\/wp-content\/uploads\/2021\/05\/Bayasse-6.jpg 850w\" sizes=\"(max-width: 800px) 100vw, 800px\" \/>\t\t\t\t\t<div class=\"ref-details\">\r\n\t\t\t\t\t\t<div class=\"ref-details-container\">\r\n\t\t\t\t\t\t\t<div class=\"h3-like ref-title\">Boulangerie et chambres d&#8217;h\u00f4tes Bayasse<\/div>\t\t\t\t\t\t\t<p class=\"ref-content\">Pain au levain \u00e0 la maison d&#8217;h\u00f4tes Bayasse \ud83d\udd25<\/p>\t\t\t\t\t\t<\/div>\r\n\t\t\t\t\t<\/div>\r\n\t\t\t\t<\/figure>\r\n\t\t\t<\/li>\r\n\t\t\t\t\t\t<li class=\"blocks-gallery-item\">\r\n\t\t\t\t<figure class=\"item\" data-related=\"2\">\r\n\t\t\t\t\t<img decoding=\"async\" width=\"605\" height=\"600\" src=\"https:\/\/four-ephrem.com\/wp-content\/uploads\/2021\/05\/simiane2-605x600.jpg\" class=\"attachment-medium size-medium\" alt=\"Boulangerie Barret Patrick\" srcset=\"https:\/\/four-ephrem.com\/wp-content\/uploads\/2021\/05\/simiane2-605x600.jpg 605w, https:\/\/four-ephrem.com\/wp-content\/uploads\/2021\/05\/simiane2-1024x1015.jpg 1024w, https:\/\/four-ephrem.com\/wp-content\/uploads\/2021\/05\/simiane2-150x150.jpg 150w, https:\/\/four-ephrem.com\/wp-content\/uploads\/2021\/05\/simiane2-768x762.jpg 768w, https:\/\/four-ephrem.com\/wp-content\/uploads\/2021\/05\/simiane2-300x297.jpg 300w, https:\/\/four-ephrem.com\/wp-content\/uploads\/2021\/05\/simiane2-600x595.jpg 600w, https:\/\/four-ephrem.com\/wp-content\/uploads\/2021\/05\/simiane2-100x100.jpg 100w, https:\/\/four-ephrem.com\/wp-content\/uploads\/2021\/05\/simiane2.jpg 1079w\" sizes=\"(max-width: 605px) 100vw, 605px\" \/>\t\t\t\t\t<div class=\"ref-details\">\r\n\t\t\t\t\t\t<div class=\"ref-details-container\">\r\n\t\t\t\t\t\t\t<div class=\"h3-like ref-title\">Boulangerie du Chapeau Rouge<\/div>\t\t\t\t\t\t\t<p class=\"ref-content\">Retrouvez le Boulanger 2m\u00b2 \u00e0 Simiane-la-Rotonde (04) dans la boulangerie du Chapeau Rouge<\/p>\t\t\t\t\t\t<\/div>\r\n\t\t\t\t\t<\/div>\r\n\t\t\t\t<\/figure>\r\n\t\t\t<\/li>\r\n\t\t\t\t\t\t<li class=\"blocks-gallery-item\">\r\n\t\t\t\t<figure class=\"item\" data-related=\"3\">\r\n\t\t\t\t\t<img decoding=\"async\" width=\"640\" height=\"425\" src=\"https:\/\/four-ephrem.com\/wp-content\/uploads\/2021\/05\/Jas-Ricavy1.jpg\" class=\"attachment-medium size-medium\" alt=\"Du bl\u00e9 au pain, le Jas Ricavy fait tout, et tr\u00e8s bien\" srcset=\"https:\/\/four-ephrem.com\/wp-content\/uploads\/2021\/05\/Jas-Ricavy1.jpg 640w, https:\/\/four-ephrem.com\/wp-content\/uploads\/2021\/05\/Jas-Ricavy1-300x199.jpg 300w, https:\/\/four-ephrem.com\/wp-content\/uploads\/2021\/05\/Jas-Ricavy1-600x398.jpg 600w\" sizes=\"(max-width: 640px) 100vw, 640px\" \/>\t\t\t\t\t<div class=\"ref-details\">\r\n\t\t\t\t\t\t<div class=\"ref-details-container\">\r\n\t\t\t\t\t\t\t<div class=\"h3-like ref-title\">Le Boulanger 4m\u00b2 au Brunet<\/div>\t\t\t\t\t\t\t<p class=\"ref-content\">De la semence \u00e0 la cuisson, de jeunes agriculteurs passionn\u00e9s, en bio, au levain naturel, et avec un four Boulanger 4m\u00b2, Brunet (04)<\/p>\t\t\t\t\t\t<\/div>\r\n\t\t\t\t\t<\/div>\r\n\t\t\t\t<\/figure>\r\n\t\t\t<\/li>\r\n\t\t\t\t\t\t<li class=\"blocks-gallery-item\">\r\n\t\t\t\t<figure class=\"item\" data-related=\"4\">\r\n\t\t\t\t\t<img decoding=\"async\" width=\"800\" height=\"400\" src=\"https:\/\/four-ephrem.com\/wp-content\/uploads\/2021\/05\/miedore2-scaled-800x400.jpg\" class=\"attachment-medium size-medium\" alt=\"Boulangerie La Mie Do R\u00e9\" srcset=\"https:\/\/four-ephrem.com\/wp-content\/uploads\/2021\/05\/miedore2-scaled-800x400.jpg 800w, https:\/\/four-ephrem.com\/wp-content\/uploads\/2021\/05\/miedore2-scaled-1024x512.jpg 1024w, https:\/\/four-ephrem.com\/wp-content\/uploads\/2021\/05\/miedore2-scaled-768x384.jpg 768w, https:\/\/four-ephrem.com\/wp-content\/uploads\/2021\/05\/miedore2-scaled-1536x768.jpg 1536w, https:\/\/four-ephrem.com\/wp-content\/uploads\/2021\/05\/miedore2-scaled-300x150.jpg 300w, https:\/\/four-ephrem.com\/wp-content\/uploads\/2021\/05\/miedore2-scaled-600x300.jpg 600w, https:\/\/four-ephrem.com\/wp-content\/uploads\/2021\/05\/miedore2-scaled.jpg 2048w\" sizes=\"(max-width: 800px) 100vw, 800px\" \/>\t\t\t\t\t<div class=\"ref-details\">\r\n\t\t\t\t\t\t<div class=\"ref-details-container\">\r\n\t\t\t\t\t\t\t<div class=\"h3-like ref-title\">Boulangerie La Mie Do R\u00e9<\/div>\t\t\t\t\t\t\t<p class=\"ref-content\">La Boulangerie bio La Mi Do R\u00e9 \u00e0 Saint Martin Les Eaux en Haute Provence : un pain cuit au feu de bois dans un four \u00e0 sole rotative Ephrem.<\/p>\t\t\t\t\t\t<\/div>\r\n\t\t\t\t\t<\/div>\r\n\t\t\t\t<\/figure>\r\n\t\t\t<\/li>\r\n\t\t\t\t\t\t<li class=\"blocks-gallery-item\">\r\n\t\t\t\t<figure class=\"item\" data-related=\"5\">\r\n\t\t\t\t\t<img decoding=\"async\" width=\"569\" height=\"600\" src=\"https:\/\/four-ephrem.com\/wp-content\/uploads\/2021\/05\/Fournil-de-Vennecy-569x600.jpg\" class=\"attachment-medium size-medium\" alt=\"Le Fournil de Vennecy\" srcset=\"https:\/\/four-ephrem.com\/wp-content\/uploads\/2021\/05\/Fournil-de-Vennecy-569x600.jpg 569w, https:\/\/four-ephrem.com\/wp-content\/uploads\/2021\/05\/Fournil-de-Vennecy-972x1024.jpg 972w, https:\/\/four-ephrem.com\/wp-content\/uploads\/2021\/05\/Fournil-de-Vennecy-768x809.jpg 768w, https:\/\/four-ephrem.com\/wp-content\/uploads\/2021\/05\/Fournil-de-Vennecy-285x300.jpg 285w, https:\/\/four-ephrem.com\/wp-content\/uploads\/2021\/05\/Fournil-de-Vennecy-300x316.jpg 300w, https:\/\/four-ephrem.com\/wp-content\/uploads\/2021\/05\/Fournil-de-Vennecy-600x632.jpg 600w, https:\/\/four-ephrem.com\/wp-content\/uploads\/2021\/05\/Fournil-de-Vennecy.jpg 1152w\" sizes=\"(max-width: 569px) 100vw, 569px\" \/>\t\t\t\t\t<div class=\"ref-details\">\r\n\t\t\t\t\t\t<div class=\"ref-details-container\">\r\n\t\t\t\t\t\t\t<div class=\"h3-like ref-title\">Chez Julien au Fournil de Vennecy<\/div>\t\t\t\t\t\t\t<p class=\"ref-content\">\u201cQui s\u00e8me bon grain, recueille bon pain\u201d telle est la devise de Julien, artisan-boulanger bio, au Fournil de Vennecy (45)<\/p>\t\t\t\t\t\t<\/div>\r\n\t\t\t\t\t<\/div>\r\n\t\t\t\t<\/figure>\r\n\t\t\t<\/li>\r\n\t\t\t\t\t<\/ul>\r\n\t\t\r\n\t<div class=\"reference-item-container\"><\/div>\r\n\t\r\n<\/section>\r\n<\/div><\/div>\n","protected":false},"excerpt":{"rendered":"<p>I nostri forni a legna : I nostri forni rotativi a legna sono stati progettati in collaborazione con i maestri panificatori. Offrono una resa particolarmente elevata e un&#8217;inerzia superiore alla media. Con il loro focolare rotante di eccezionale spessore e la cassa di vapore, combinano il know-how tradizionale con attrezzature [&hellip;]<\/p>\n","protected":false},"author":269,"featured_media":0,"parent":0,"menu_order":0,"comment_status":"closed","ping_status":"closed","template":"","meta":{"_acf_changed":false,"_seopress_robots_primary_cat":"","_seopress_titles_title":"Forni Ephrem: forni a legna per panetterie","_seopress_titles_desc":"Scegli i forni a legna Ephrem, tradizionali e innovativi, sviluppati in collaborazione con i maestri panificatori.","_seopress_robots_index":"","footnotes":""},"class_list":["post-17981","page","type-page","status-publish"],"acf":[],"_links":{"self":[{"href":"https:\/\/four-ephrem.com\/it\/wp-json\/wp\/v2\/pages\/17981","targetHints":{"allow":["GET"]}}],"collection":[{"href":"https:\/\/four-ephrem.com\/it\/wp-json\/wp\/v2\/pages"}],"about":[{"href":"https:\/\/four-ephrem.com\/it\/wp-json\/wp\/v2\/types\/page"}],"author":[{"embeddable":true,"href":"https:\/\/four-ephrem.com\/it\/wp-json\/wp\/v2\/users\/269"}],"replies":[{"embeddable":true,"href":"https:\/\/four-ephrem.com\/it\/wp-json\/wp\/v2\/comments?post=17981"}],"version-history":[{"count":2,"href":"https:\/\/four-ephrem.com\/it\/wp-json\/wp\/v2\/pages\/17981\/revisions"}],"predecessor-version":[{"id":17996,"href":"https:\/\/four-ephrem.com\/it\/wp-json\/wp\/v2\/pages\/17981\/revisions\/17996"}],"wp:attachment":[{"href":"https:\/\/four-ephrem.com\/it\/wp-json\/wp\/v2\/media?parent=17981"}],"curies":[{"name":"wp","href":"https:\/\/api.w.org\/{rel}","templated":true}]}}